{"id":3147,"date":"2023-12-16T23:00:00","date_gmt":"2023-12-16T23:00:00","guid":{"rendered":"https:\/\/blog.ksk.ch\/?page_id=3147"},"modified":"2023-12-03T08:36:57","modified_gmt":"2023-12-03T08:36:57","slug":"17-dezember-2023","status":"publish","type":"page","link":"https:\/\/blog.ksk.ch\/index.php\/17-dezember-2023\/","title":{"rendered":"17. Dezember 2023"},"content":{"rendered":"\t\t<div data-elementor-type=\"wp-page\" data-elementor-id=\"3147\" class=\"elementor elementor-3147\">\n\t\t\t\t\t\t<section class=\"elementor-section elementor-top-section elementor-element elementor-element-a79b0ec elementor-section-boxed elementor-section-height-default elementor-section-height-default\" data-id=\"a79b0ec\" data-element_type=\"section\" data-e-type=\"section\">\n\t\t\t\t\t\t<div class=\"elementor-container elementor-column-gap-default\">\n\t\t\t\t\t<div class=\"elementor-column elementor-col-100 elementor-top-column elementor-element elementor-element-48c2747\" data-id=\"48c2747\" data-element_type=\"column\" data-e-type=\"column\">\n\t\t\t<div class=\"elementor-widget-wrap elementor-element-populated\">\n\t\t\t\t\t\t\t<\/div>\n\t\t<\/div>\n\t\t\t\t\t<\/div>\n\t\t<\/section>\n\t\t\t\t<section class=\"elementor-section elementor-top-section elementor-element elementor-element-544bfdb elementor-section-boxed elementor-section-height-default elementor-section-height-default\" data-id=\"544bfdb\" data-element_type=\"section\" data-e-type=\"section\">\n\t\t\t\t\t\t<div class=\"elementor-container elementor-column-gap-default\">\n\t\t\t\t\t<div class=\"elementor-column elementor-col-100 elementor-top-column elementor-element elementor-element-01e54c4\" data-id=\"01e54c4\" data-element_type=\"column\" data-e-type=\"column\">\n\t\t\t<div class=\"elementor-widget-wrap elementor-element-populated\">\n\t\t\t\t\t\t<div class=\"elementor-element elementor-element-0e1da6f elementor-widget elementor-widget-text-editor\" data-id=\"0e1da6f\" data-element_type=\"widget\" data-e-type=\"widget\" data-widget_type=\"text-editor.default\">\n\t\t\t\t<div class=\"elementor-widget-container\">\n\t\t\t\t\t\t\t\t\t<h2 style=\"text-align: center;\">Empfohlene Rezepte zur Weihnachtszeit<\/h2>\t\t\t\t\t\t\t\t<\/div>\n\t\t\t\t<\/div>\n\t\t\t\t\t<\/div>\n\t\t<\/div>\n\t\t\t\t\t<\/div>\n\t\t<\/section>\n\t\t\t\t<section class=\"elementor-section elementor-top-section elementor-element elementor-element-f36f996 elementor-section-boxed elementor-section-height-default elementor-section-height-default\" data-id=\"f36f996\" data-element_type=\"section\" data-e-type=\"section\">\n\t\t\t\t\t\t<div class=\"elementor-container elementor-column-gap-default\">\n\t\t\t\t\t<div class=\"elementor-column elementor-col-100 elementor-top-column elementor-element elementor-element-f2dd9ae\" data-id=\"f2dd9ae\" data-element_type=\"column\" data-e-type=\"column\">\n\t\t\t<div class=\"elementor-widget-wrap elementor-element-populated\">\n\t\t\t\t\t\t<div class=\"elementor-element elementor-element-af9e0d4 elementor-widget elementor-widget-text-editor\" data-id=\"af9e0d4\" data-element_type=\"widget\" data-e-type=\"widget\" data-widget_type=\"text-editor.default\">\n\t\t\t\t<div class=\"elementor-widget-container\">\n\t\t\t\t\t\t\t\t\t<h3><strong>W\u00dcRZIGE AP\u00c9RO-ERBSLI<\/strong><\/h3><p><strong>Zutaten: <\/strong><\/p><ul><li>400\u00a0g tiefgek\u00fchlte Erbsli, aufgetaut, abgetropft<\/li><li>1\u00a0EL Oliven\u00f6l<\/li><li>\u00bd\u00a0TL Knoblauchpulver<\/li><li>\u00bc\u00a0TL Chiliflocken<\/li><li>\u00bc\u00a0TL Salz<\/li><\/ul><p><strong>Zubereitung:<\/strong><\/p><p><strong>Erbsli: <\/strong>Erbsli trockentupfen, mit \u00d6l, Knoblauchpulver, Chiliflocken und Salz mischen, auf einem mit Backpapier belegten Blech verteilen.<\/p><p><strong>Backen: <\/strong>Ca. 25 Min. in der Mitte des auf 220 \u00b0C vorgeheizten Ofens. Herausnehmen, Erbsli auf dem Blech ausk\u00fchlen.<\/p>\t\t\t\t\t\t\t\t<\/div>\n\t\t\t\t<\/div>\n\t\t\t\t\t<\/div>\n\t\t<\/div>\n\t\t\t\t\t<\/div>\n\t\t<\/section>\n\t\t\t\t<section class=\"elementor-section elementor-top-section elementor-element elementor-element-56bfca2 elementor-section-boxed elementor-section-height-default elementor-section-height-default\" data-id=\"56bfca2\" data-element_type=\"section\" data-e-type=\"section\">\n\t\t\t\t\t\t<div class=\"elementor-container elementor-column-gap-default\">\n\t\t\t\t\t<div class=\"elementor-column elementor-col-50 elementor-top-column elementor-element elementor-element-a077864\" data-id=\"a077864\" data-element_type=\"column\" data-e-type=\"column\">\n\t\t\t<div class=\"elementor-widget-wrap elementor-element-populated\">\n\t\t\t\t\t\t<div class=\"elementor-element elementor-element-ec6213d elementor-widget__width-initial elementor-widget elementor-widget-text-editor\" data-id=\"ec6213d\" data-element_type=\"widget\" data-e-type=\"widget\" data-widget_type=\"text-editor.default\">\n\t\t\t\t<div class=\"elementor-widget-container\">\n\t\t\t\t\t\t\t\t\t<h3><strong>Thurgauer Baguette<\/strong><\/h3><div><p><strong>Zutaten Vorteig:<\/strong><\/p><ul><li>150 g Weissmehl<\/li><li>150 g Wasser<\/li><li>1 g frische Hefe<\/li><\/ul><p><strong>Zutaten Hauptteig:<\/strong><\/p><ul><li>Vorteig<\/li><li>400 g Weissmehl<\/li><li>230 g Wasser<\/li><li>11 g Salz<\/li><li>2,5 g frische Hefe<\/li><\/ul><p><strong>Zubereitung:<\/strong><\/p><ol><li><strong>Vorteig:<\/strong>\u00a0Vorteigzutaten vermischen und 12 bis 16 Stunden bei Raumtemperatur zugedeckt reifen lassen.<\/li><li><strong>Hauptteig:<\/strong>\u00a0Den Thurgauer Vorteig mit Mehl, Wasser, Salz und Hefe vermengen und ca. 5 bis 8 Minuten kneten. Den Teig in eine Sch\u00fcssel geben. Er ist feucht und klebrig!<\/li><li>30 Minuten gehen lassen und einmal strecken und falten. Teig in eine gro\u00dfe Sch\u00fcssel geben und verschlossen f\u00fcr 24 bis 48 Stunden im K\u00fchlschrank reifen lassen. Der Teig sollte in dieser Zeit mindestens zweimal so gross werden.<\/li><li><strong>Am Backtag<\/strong>:\u00a0<strong>Teig<\/strong>\u00a0m\u00f6glichst 1 Stunde bei Raumtemperatur\u00a0<strong>akklimatisieren<\/strong>\u00a0lassen.<\/li><li>Den\u00a0<strong>Backofen<\/strong>\u00a0mit einem Backblech auf h\u00f6chster Stufe Ober-\/Unterhitze ausreichend lang\u00a0<strong>vorheizen<\/strong>.<\/li><li>Teig in drei Teile teilen. Auf einer gut bemehlten Arbeitsfl\u00e4che die Teiglinge zu Rollen vorformen. 15 Minuten zugedeckt entspannen lassen. Dann aus den Rollen 3 Baguettes formen.<\/li><li>Zugedeckt etwa 30 bis 45 Minuten gehen lassen. Dazu am besten ein frisches und bemehltes Geschirrtuch nehmen und zu Mulden falten, um die Form der Baguettes zu bewahren.<\/li><li><strong>Backen:<\/strong>\u00a0Jedes Baguette mit einem scharfen Messer oder besser einer Rasierklinge dreimal l\u00e4ngs schr\u00e4g einschneiden. Die Baguettes in den Ofen geben und zur Dampferzeugung ein Glas Wasser aufs heisse Backblech giessen. Nach 10 Minuten die Ofent\u00fcr weit \u00f6ffnen, um den Dampf abzulassen. Ofentemperatur auf 230\u00b0C senken. Insgesamt ca. 25 Minuten backen, bis die Baguettes sch\u00f6n goldbraun sind.<\/li><li>Die heissen Thurgauer Baguettes herausholen und abk\u00fchlen lassen.<\/li><\/ol><p>Tipp: F\u00fcr eine sch\u00f6ne Baguetteform kann man ein Baguetteblech verwenden. Claudio Wechsler leiht seins gern aus.<\/p><p class=\"MsoNoSpacing\">\u00a0<\/p><\/div>\t\t\t\t\t\t\t\t<\/div>\n\t\t\t\t<\/div>\n\t\t\t\t\t<\/div>\n\t\t<\/div>\n\t\t\t\t<div class=\"elementor-column elementor-col-50 elementor-top-column elementor-element elementor-element-eb54c60\" data-id=\"eb54c60\" data-element_type=\"column\" data-e-type=\"column\">\n\t\t\t<div class=\"elementor-widget-wrap elementor-element-populated\">\n\t\t\t\t\t\t<div class=\"elementor-element elementor-element-5c0d13f elementor-widget elementor-widget-image\" data-id=\"5c0d13f\" data-element_type=\"widget\" data-e-type=\"widget\" data-widget_type=\"image.default\">\n\t\t\t\t<div class=\"elementor-widget-container\">\n\t\t\t\t\t\t\t\t\t\t\t\t\t\t\t<img fetchpriority=\"high\" decoding=\"async\" width=\"768\" height=\"1024\" src=\"https:\/\/blog.ksk.ch\/wp-content\/uploads\/2023\/11\/Claudio-scaled.jpg\" class=\"attachment-large size-large wp-image-3150\" alt=\"\" srcset=\"https:\/\/blog.ksk.ch\/wp-content\/uploads\/2023\/11\/Claudio-scaled.jpg 1920w, https:\/\/blog.ksk.ch\/wp-content\/uploads\/2023\/11\/Claudio-225x300.jpg 225w, https:\/\/blog.ksk.ch\/wp-content\/uploads\/2023\/11\/Claudio-1152x1536.jpg 1152w, https:\/\/blog.ksk.ch\/wp-content\/uploads\/2023\/11\/Claudio-1536x2048.jpg 1536w\" sizes=\"(max-width: 768px) 100vw, 768px\" \/>\t\t\t\t\t\t\t\t\t\t\t\t\t\t\t<\/div>\n\t\t\t\t<\/div>\n\t\t\t\t\t<\/div>\n\t\t<\/div>\n\t\t\t\t\t<\/div>\n\t\t<\/section>\n\t\t\t\t<section class=\"elementor-section elementor-top-section elementor-element elementor-element-85a0a3e elementor-section-boxed elementor-section-height-default elementor-section-height-default\" data-id=\"85a0a3e\" data-element_type=\"section\" data-e-type=\"section\">\n\t\t\t\t\t\t<div class=\"elementor-container elementor-column-gap-default\">\n\t\t\t\t\t<div class=\"elementor-column elementor-col-33 elementor-top-column elementor-element elementor-element-426d634\" data-id=\"426d634\" data-element_type=\"column\" data-e-type=\"column\">\n\t\t\t<div class=\"elementor-widget-wrap elementor-element-populated\">\n\t\t\t\t\t\t<div class=\"elementor-element elementor-element-a8760a1 elementor-widget elementor-widget-image\" data-id=\"a8760a1\" data-element_type=\"widget\" data-e-type=\"widget\" data-widget_type=\"image.default\">\n\t\t\t\t<div class=\"elementor-widget-container\">\n\t\t\t\t\t\t\t\t\t\t\t\t\t\t\t<img decoding=\"async\" width=\"768\" height=\"1024\" src=\"https:\/\/blog.ksk.ch\/wp-content\/uploads\/2023\/11\/Nina-scaled.jpg\" class=\"attachment-large size-large wp-image-3161\" alt=\"\" srcset=\"https:\/\/blog.ksk.ch\/wp-content\/uploads\/2023\/11\/Nina-scaled.jpg 1920w, https:\/\/blog.ksk.ch\/wp-content\/uploads\/2023\/11\/Nina-225x300.jpg 225w, https:\/\/blog.ksk.ch\/wp-content\/uploads\/2023\/11\/Nina-1152x1536.jpg 1152w, https:\/\/blog.ksk.ch\/wp-content\/uploads\/2023\/11\/Nina-1536x2048.jpg 1536w\" sizes=\"(max-width: 768px) 100vw, 768px\" \/>\t\t\t\t\t\t\t\t\t\t\t\t\t\t\t<\/div>\n\t\t\t\t<\/div>\n\t\t\t\t\t<\/div>\n\t\t<\/div>\n\t\t\t\t<div class=\"elementor-column elementor-col-66 elementor-top-column elementor-element elementor-element-2e5f5a3\" data-id=\"2e5f5a3\" data-element_type=\"column\" data-e-type=\"column\">\n\t\t\t<div class=\"elementor-widget-wrap elementor-element-populated\">\n\t\t\t\t\t\t<div class=\"elementor-element elementor-element-ba0e571 elementor-widget elementor-widget-text-editor\" data-id=\"ba0e571\" data-element_type=\"widget\" data-e-type=\"widget\" data-widget_type=\"text-editor.default\">\n\t\t\t\t<div class=\"elementor-widget-container\">\n\t\t\t\t\t\t\t\t\t<h3><strong>PASTINAKEN-BIRNENSUPPE<\/strong><\/h3><p><strong>Zutaten f\u00fcr 4 Personen:<\/strong><\/p><ul><li>1\u00a0EL Oliven\u00f6l<\/li><li>1 Zwiebel, fein gehackt<\/li><li>1 Knoblauchzehe, fein gehackt<\/li><li>400\u00a0g Pastinaken, in ca. 2 cm grossen St\u00fccken<\/li><li>150\u00a0g mehligkochende Kartoffeln, gesch\u00e4lt, in St\u00fccken<\/li><li>1 Birne, gesch\u00e4lt, in St\u00fccken<\/li><li>4\u00a0Zweiglein Thymian<\/li><li>1\u00a0dl Weisswein<\/li><li>8\u00a0dl Wasser<\/li><li>2\u00a0TL Salz<\/li><li>Oliven\u00f6l zum Braten<\/li><li>1 Birne, in d\u00fcnnen Scheiben<\/li><li>100\u00a0g Pastinaken, mit dem Sparsch\u00e4ler in feine Streifen gesch\u00e4lt<\/li><li>4\u00a0Zweiglein Thymian<\/li><li>Salz, Pfeffer, nach Bedarf<\/li><li>50\u00a0g Bergk\u00e4se, in W\u00fcrfeli<\/li><li>2\u00a0EL Haseln\u00fcsse, grob gehackt, ger\u00f6stet<\/li><li>\u00bd\u00a0TL Pfeffer<\/li><\/ul><p>\u00a0<\/p><p><strong>Zubereitung:<\/strong><\/p><p><strong>Suppe<\/strong><\/p><p>\u00d6l in einer Pfanne erw\u00e4rmen. Zwiebel und Knoblauch ca. 3 Min. and\u00e4mpfen. Pastinaken, Kartoffeln, Birne und Thymian ca. 2 Min. mitd\u00e4mpfen. Wein dazu giessen, fast vollst\u00e4ndig einkochen. Wasser dazu giessen, aufkochen, salzen. Zugedeckt ca. 20 Min. weich k\u00f6cheln. Thymian entfernen, Suppe fein p\u00fcrieren.<\/p><p>\u00a0<\/p><p><strong>Garnitur<\/strong><\/p><p>\u00d6l in einer Bratpfanne erhitzen. Birne, Pastinake und Thymian portionenweise unter gelegentlichem R\u00fchren ca. 5 Min. anbraten, herausnehmen. Suppe anrichten. Birne, Pastinake, K\u00e4se und N\u00fcsse darauf verteilen, w\u00fcrzen.<\/p><p>\u00a0<\/p>\t\t\t\t\t\t\t\t<\/div>\n\t\t\t\t<\/div>\n\t\t\t\t\t<\/div>\n\t\t<\/div>\n\t\t\t\t\t<\/div>\n\t\t<\/section>\n\t\t\t\t<section class=\"elementor-section elementor-top-section elementor-element elementor-element-de4bf46 elementor-section-boxed elementor-section-height-default elementor-section-height-default\" data-id=\"de4bf46\" data-element_type=\"section\" data-e-type=\"section\">\n\t\t\t\t\t\t<div class=\"elementor-container elementor-column-gap-default\">\n\t\t\t\t\t<div class=\"elementor-column elementor-col-66 elementor-top-column elementor-element elementor-element-4e7e855\" data-id=\"4e7e855\" data-element_type=\"column\" data-e-type=\"column\">\n\t\t\t<div class=\"elementor-widget-wrap elementor-element-populated\">\n\t\t\t\t\t\t<div class=\"elementor-element elementor-element-1274cd1 elementor-widget elementor-widget-text-editor\" data-id=\"1274cd1\" data-element_type=\"widget\" data-e-type=\"widget\" data-widget_type=\"text-editor.default\">\n\t\t\t\t<div class=\"elementor-widget-container\">\n\t\t\t\t\t\t\t\t\t<h3><strong>Raclette-Fenchel-Sabl\u00e9s<\/strong><\/h3><p><strong>Zutaten <\/strong><strong>Teig:<\/strong><\/p><ul><li>250\u00a0g Weissmehl<\/li><li>1\u00a0Msp. Backpulver<\/li><li>\u00be\u00a0TL Salz<\/li><li>2\u00a0Beutel Fencheltee, nur Inhalt<\/li><li>160\u00a0g (veganer) Raclettek\u00e4se, grob gerieben<\/li><li>150\u00a0g Butter, in St\u00fccken, kalt<\/li><li>1 Eiweiss (oder Eiweissersatz: 2EL Maisst\u00e4rke und 3 EL Wasser verr\u00fchrt)<\/li><li>1\u00a0EL Wasser<\/li><\/ul><p><strong>Zutaten Sabl\u00e9s:<\/strong><\/p><ul><li>1 Eigelb (oder 1 EL Sojamilch und 1 EL \u00d6l)<\/li><li>1\u00a0Beutel Fencheltee, nur Inhalt<\/li><li>\u00bd\u00a0EL Sesam<\/li><li>\u00bd\u00a0EL Mohn<\/li><\/ul><p><strong>Zubereitung:<\/strong><\/p><ol><li><strong>Teig: <\/strong>Mehl, Backpulver, Salz, Tee und K\u00e4se in einer Sch\u00fcssel mischen. Butter beigeben, von Hand zu einer gleichm\u00e4ssig kr\u00fcmeligen Masse verreiben. Eiweiss und Wasser beigeben, rasch zu einem weichen Teig zusammenf\u00fcgen, nicht kneten. Teig etwas flach dr\u00fccken, zugedeckt ca. 1 Std. k\u00fchl stellen.<\/li><li><strong>Sabl\u00e9s: <\/strong>Teig zwischen zwei Backpapieren ca. 4 mm dick auswallen. In Quadrate schneiden, auf zwei mit Backpapier belegte Bleche legen. Sabl\u00e9s mit Eigelb bestreichen, Tee, Sesam und Mohn mischen, dar\u00fcberstreuen.<\/li><li><strong>Backen: <\/strong>Pro Blech ca. 13 Min. in der Mitte des auf 200 \u00b0C vorgeheizten Ofens. Herausnehmen, etwas abk\u00fchlen, auf einem Gitter ausk\u00fchlen.<\/li><\/ol>\t\t\t\t\t\t\t\t<\/div>\n\t\t\t\t<\/div>\n\t\t\t\t\t<\/div>\n\t\t<\/div>\n\t\t\t\t<div class=\"elementor-column elementor-col-33 elementor-top-column elementor-element elementor-element-48a67ae\" data-id=\"48a67ae\" data-element_type=\"column\" data-e-type=\"column\">\n\t\t\t<div class=\"elementor-widget-wrap elementor-element-populated\">\n\t\t\t\t\t\t<div class=\"elementor-element elementor-element-c1ddea7 elementor-widget elementor-widget-image\" data-id=\"c1ddea7\" data-element_type=\"widget\" data-e-type=\"widget\" data-widget_type=\"image.default\">\n\t\t\t\t<div class=\"elementor-widget-container\">\n\t\t\t\t\t\t\t\t\t\t\t\t\t\t\t<img decoding=\"async\" width=\"498\" height=\"1024\" src=\"https:\/\/blog.ksk.ch\/wp-content\/uploads\/2023\/11\/Isabelle-498x1024.jpg\" class=\"attachment-large size-large wp-image-3157\" alt=\"\" srcset=\"https:\/\/blog.ksk.ch\/wp-content\/uploads\/2023\/11\/Isabelle-498x1024.jpg 498w, https:\/\/blog.ksk.ch\/wp-content\/uploads\/2023\/11\/Isabelle-146x300.jpg 146w, https:\/\/blog.ksk.ch\/wp-content\/uploads\/2023\/11\/Isabelle-768x1580.jpg 768w, https:\/\/blog.ksk.ch\/wp-content\/uploads\/2023\/11\/Isabelle-747x1536.jpg 747w, https:\/\/blog.ksk.ch\/wp-content\/uploads\/2023\/11\/Isabelle.jpg 980w\" sizes=\"(max-width: 498px) 100vw, 498px\" \/>\t\t\t\t\t\t\t\t\t\t\t\t\t\t\t<\/div>\n\t\t\t\t<\/div>\n\t\t\t\t\t<\/div>\n\t\t<\/div>\n\t\t\t\t\t<\/div>\n\t\t<\/section>\n\t\t\t\t<section class=\"elementor-section elementor-top-section elementor-element elementor-element-0364d80 elementor-section-boxed elementor-section-height-default elementor-section-height-default\" data-id=\"0364d80\" data-element_type=\"section\" data-e-type=\"section\">\n\t\t\t\t\t\t<div class=\"elementor-container elementor-column-gap-default\">\n\t\t\t\t\t<div class=\"elementor-column elementor-col-33 elementor-top-column elementor-element elementor-element-fa0a2dc\" data-id=\"fa0a2dc\" data-element_type=\"column\" data-e-type=\"column\">\n\t\t\t<div class=\"elementor-widget-wrap elementor-element-populated\">\n\t\t\t\t\t\t<div class=\"elementor-element elementor-element-33dca11 elementor-widget elementor-widget-image\" data-id=\"33dca11\" data-element_type=\"widget\" data-e-type=\"widget\" data-widget_type=\"image.default\">\n\t\t\t\t<div class=\"elementor-widget-container\">\n\t\t\t\t\t\t\t\t\t\t\t\t\t\t\t<img loading=\"lazy\" decoding=\"async\" width=\"768\" height=\"1024\" src=\"https:\/\/blog.ksk.ch\/wp-content\/uploads\/2023\/11\/Franziska-scaled.jpg\" class=\"attachment-large size-large wp-image-3162\" alt=\"\" srcset=\"https:\/\/blog.ksk.ch\/wp-content\/uploads\/2023\/11\/Franziska-scaled.jpg 1920w, https:\/\/blog.ksk.ch\/wp-content\/uploads\/2023\/11\/Franziska-225x300.jpg 225w, https:\/\/blog.ksk.ch\/wp-content\/uploads\/2023\/11\/Franziska-1152x1536.jpg 1152w, https:\/\/blog.ksk.ch\/wp-content\/uploads\/2023\/11\/Franziska-1536x2048.jpg 1536w\" sizes=\"(max-width: 768px) 100vw, 768px\" \/>\t\t\t\t\t\t\t\t\t\t\t\t\t\t\t<\/div>\n\t\t\t\t<\/div>\n\t\t\t\t\t<\/div>\n\t\t<\/div>\n\t\t\t\t<div class=\"elementor-column elementor-col-66 elementor-top-column elementor-element elementor-element-215b1e1\" data-id=\"215b1e1\" data-element_type=\"column\" data-e-type=\"column\">\n\t\t\t<div class=\"elementor-widget-wrap elementor-element-populated\">\n\t\t\t\t\t\t<div class=\"elementor-element elementor-element-e6c6734 elementor-widget elementor-widget-text-editor\" data-id=\"e6c6734\" data-element_type=\"widget\" data-e-type=\"widget\" data-widget_type=\"text-editor.default\">\n\t\t\t\t<div class=\"elementor-widget-container\">\n\t\t\t\t\t\t\t\t\t<h3><strong>Eglifilet an Weissweinsauce<\/strong><\/h3><p><strong>Zutaten f\u00fcr\u00a04\u00a0Portionen: <\/strong><\/p><ul><li>8 Stk Eglifilets<\/li><li>1 Stk Lorbeerblatt<\/li><li>1 Prise Pfeffer<\/li><li>150 ml Rahm<\/li><li>1 Prise Salz<\/li><li>1 TL Senf, mittelscharf<\/li><li>150 ml Weisswein<\/li><li>1 Stk Zitrone, Saft<\/li><li>2 Stk Zwiebel<\/li><\/ul><p><strong>\u00a0Zubereitung:<\/strong><\/p><ol><li>Backofen auf 120 Grad vorheizen.<\/li><li>Zwiebel abziehen und fein hacken. Eine Kasserolle mit weicher Butter auspinseln und mit den Zwiebelst\u00fccken ausstreuen. Die Fischfilets salzen und pfeffern und mit dem Zitronensaft betr\u00e4ufeln. In den Br\u00e4ter auf die Zwiebelst\u00fccke legen.<\/li><li>Wei\u00dfwein angie\u00dfen, Lorbeerblatt beif\u00fcgen und im Backrohr etwa 8 Minuten garen. Eglifilets herausnehmen und warm stellen.<\/li><li>Den Fisch-Sud durch ein Sieb passieren, Rahm unterr\u00fchren und aufkochen lassen. Die Sauce mit Senf, Salz und Pfeffer abschmecken, auf Teller verteilen und die Eglifilets darauf setzen.<\/li><\/ol>\t\t\t\t\t\t\t\t<\/div>\n\t\t\t\t<\/div>\n\t\t\t\t\t<\/div>\n\t\t<\/div>\n\t\t\t\t\t<\/div>\n\t\t<\/section>\n\t\t\t\t<section class=\"elementor-section elementor-top-section elementor-element elementor-element-3bea833 elementor-section-boxed elementor-section-height-default elementor-section-height-default\" data-id=\"3bea833\" data-element_type=\"section\" data-e-type=\"section\">\n\t\t\t\t\t\t<div class=\"elementor-container elementor-column-gap-default\">\n\t\t\t\t\t<div class=\"elementor-column elementor-col-25 elementor-top-column elementor-element elementor-element-2cb37fa\" data-id=\"2cb37fa\" data-element_type=\"column\" data-e-type=\"column\">\n\t\t\t<div class=\"elementor-widget-wrap elementor-element-populated\">\n\t\t\t\t\t\t<div class=\"elementor-element elementor-element-143cda3 elementor-widget__width-initial elementor-widget elementor-widget-image\" data-id=\"143cda3\" data-element_type=\"widget\" data-e-type=\"widget\" data-widget_type=\"image.default\">\n\t\t\t\t<div class=\"elementor-widget-container\">\n\t\t\t\t\t\t\t\t\t\t\t\t\t\t\t<img loading=\"lazy\" decoding=\"async\" width=\"768\" height=\"1024\" src=\"https:\/\/blog.ksk.ch\/wp-content\/uploads\/2023\/11\/Michael-1-scaled.jpg\" class=\"attachment-large size-large wp-image-3163\" alt=\"\" srcset=\"https:\/\/blog.ksk.ch\/wp-content\/uploads\/2023\/11\/Michael-1-scaled.jpg 1920w, https:\/\/blog.ksk.ch\/wp-content\/uploads\/2023\/11\/Michael-1-225x300.jpg 225w, https:\/\/blog.ksk.ch\/wp-content\/uploads\/2023\/11\/Michael-1-1152x1536.jpg 1152w, https:\/\/blog.ksk.ch\/wp-content\/uploads\/2023\/11\/Michael-1-1536x2048.jpg 1536w\" sizes=\"(max-width: 768px) 100vw, 768px\" \/>\t\t\t\t\t\t\t\t\t\t\t\t\t\t\t<\/div>\n\t\t\t\t<\/div>\n\t\t\t\t\t<\/div>\n\t\t<\/div>\n\t\t\t\t<div class=\"elementor-column elementor-col-50 elementor-top-column elementor-element elementor-element-ff2a8af\" data-id=\"ff2a8af\" data-element_type=\"column\" data-e-type=\"column\">\n\t\t\t<div class=\"elementor-widget-wrap elementor-element-populated\">\n\t\t\t\t\t\t<div class=\"elementor-element elementor-element-c78908b elementor-widget elementor-widget-text-editor\" data-id=\"c78908b\" data-element_type=\"widget\" data-e-type=\"widget\" data-widget_type=\"text-editor.default\">\n\t\t\t\t<div class=\"elementor-widget-container\">\n\t\t\t\t\t\t\t\t\t<h3><strong>Tarte Tatin<\/strong><\/h3><p><strong>Zutaten: <\/strong><\/p><ul><li>200gWeizenmehl<\/li><li>60gPuderzucker<\/li><li>etwas frischerZitronenabrieb<\/li><li>1PriseSalz<\/li><li>100gkalte\u00a0Butter<\/li><li>1Ei(Gr. M)<\/li><li>750g\u00c4pfel\u00a0(z.B. Boskop)<\/li><li>2ELfrischer\u00a0Zitronensaft<\/li><li>125gPuderzucker<\/li><li>4ELWasser<\/li><li>125gButter<\/li><\/ul><p>\u00a0<\/p><p><strong>Zubereitung:<\/strong><strong>\u00a0<\/strong><\/p><p><strong>F\u00fcr den Teig<\/strong>\u00a0das\u00a0Mehl in eine Sch\u00fcssel geben und den Puderzucker in die Sch\u00fcssel sieben. Zitronenabrieb und Salz hinzugeben, die kalte Butter in St\u00fccke schneiden und mit den Zutaten zu einem kr\u00fcmeligen Teig kneten.\u00a0Das Ei zuletzt unterkneten. Den Teig auf der Arbeitsfl\u00e4che zu einem geschmeidigen Teig kneten, mit Folie abdecken und f\u00fcr\u00a0<strong>30 Minuten<\/strong>\u00a0k\u00fchl stellen.<\/p><p>In der Zwischenzeit die \u00c4pfel waschen, sch\u00e4len, entkernen und in grobe Spalten schneiden. Mit dem Zitronensaft betr\u00e4ufeln.<\/p><p>Den Backofen auf\u00a0<strong>180 Grad Ober-\/Unterhitze (Umluft: 160 Grad)<\/strong>\u00a0vorheizen.\u00a0In einer ofenfesten\u00a0<strong>Pfanne<\/strong>\u00a0<strong>(\u00d8 26 cm)\u00a0<\/strong>den Puderzucker zusammen mit Wasser zum K\u00f6cheln bringen, die Hitze auf mittlere Stufe reduzieren und vorsichtig karamellisieren lassen.\u00a0Die Butter in grobe St\u00fccke schneiden und diese in dem Karamell schmelzen lassen.<\/p><p>Apfelspalten spiralf\u00f6rmig in die Pfanne legen, bis der Boden komplett bedeckt ist.\u00a0Den M\u00fcrbeteig zu einem\u00a0<strong>\u00d8\u00a026 cm<\/strong>\u00a0runden Kreis ausrollen und \u00fcber die Apfelspalten legen.<\/p><p>Mit der Gabel mehrmals einstechen. Im vorgeheizten Ofen\u00a0<strong>ca.\u00a040 Minuten<\/strong>\u00a0backen.\u00a0Die Pfanne nach dem Backen f\u00fcr 10 Minuten ausk\u00fchlen lassen. Die Tarte Tatin darf nicht ganz erkalten, damit sie sich noch gut aus der Pfanne l\u00f6sen l\u00e4sst.<\/p><p>Eine Kuchenplatte auf die Pfanne geben und den Kuchen st\u00fcrzen.\u00a0Nochmals etwas ausk\u00fchlen lassen, dann die Tarte lauwarm &#8211; am besten mit etwas Vanille-Eis &#8211; servieren.<\/p>\t\t\t\t\t\t\t\t<\/div>\n\t\t\t\t<\/div>\n\t\t\t\t\t<\/div>\n\t\t<\/div>\n\t\t\t\t<div class=\"elementor-column elementor-col-25 elementor-top-column elementor-element elementor-element-cb4a653\" data-id=\"cb4a653\" data-element_type=\"column\" data-e-type=\"column\">\n\t\t\t<div class=\"elementor-widget-wrap elementor-element-populated\">\n\t\t\t\t\t\t<div class=\"elementor-element elementor-element-0fcaff7 elementor-widget elementor-widget-image\" data-id=\"0fcaff7\" data-element_type=\"widget\" data-e-type=\"widget\" data-widget_type=\"image.default\">\n\t\t\t\t<div class=\"elementor-widget-container\">\n\t\t\t\t\t\t\t\t\t\t\t\t\t\t\t<img loading=\"lazy\" decoding=\"async\" width=\"768\" height=\"1024\" src=\"https:\/\/blog.ksk.ch\/wp-content\/uploads\/2023\/11\/Michael-2-scaled.jpg\" class=\"attachment-large size-large wp-image-3164\" alt=\"\" srcset=\"https:\/\/blog.ksk.ch\/wp-content\/uploads\/2023\/11\/Michael-2-scaled.jpg 1920w, https:\/\/blog.ksk.ch\/wp-content\/uploads\/2023\/11\/Michael-2-225x300.jpg 225w, https:\/\/blog.ksk.ch\/wp-content\/uploads\/2023\/11\/Michael-2-1152x1536.jpg 1152w, https:\/\/blog.ksk.ch\/wp-content\/uploads\/2023\/11\/Michael-2-1536x2048.jpg 1536w\" sizes=\"(max-width: 768px) 100vw, 768px\" \/>\t\t\t\t\t\t\t\t\t\t\t\t\t\t\t<\/div>\n\t\t\t\t<\/div>\n\t\t\t\t\t<\/div>\n\t\t<\/div>\n\t\t\t\t\t<\/div>\n\t\t<\/section>\n\t\t\t\t<section class=\"elementor-section elementor-top-section elementor-element elementor-element-ab9b3ea elementor-section-boxed elementor-section-height-default elementor-section-height-default\" data-id=\"ab9b3ea\" data-element_type=\"section\" data-e-type=\"section\">\n\t\t\t\t\t\t<div class=\"elementor-container elementor-column-gap-default\">\n\t\t\t\t\t<div class=\"elementor-column elementor-col-50 elementor-top-column elementor-element elementor-element-9ec3d63\" data-id=\"9ec3d63\" data-element_type=\"column\" data-e-type=\"column\">\n\t\t\t<div class=\"elementor-widget-wrap elementor-element-populated\">\n\t\t\t\t\t\t<div class=\"elementor-element elementor-element-2884ed2 elementor-widget elementor-widget-image\" data-id=\"2884ed2\" data-element_type=\"widget\" data-e-type=\"widget\" data-widget_type=\"image.default\">\n\t\t\t\t<div class=\"elementor-widget-container\">\n\t\t\t\t\t\t\t\t\t\t\t\t\t\t\t<img loading=\"lazy\" decoding=\"async\" width=\"498\" height=\"1024\" src=\"https:\/\/blog.ksk.ch\/wp-content\/uploads\/2023\/11\/Anna-498x1024.jpg\" class=\"attachment-large size-large wp-image-3165\" alt=\"\" srcset=\"https:\/\/blog.ksk.ch\/wp-content\/uploads\/2023\/11\/Anna-498x1024.jpg 498w, https:\/\/blog.ksk.ch\/wp-content\/uploads\/2023\/11\/Anna-146x300.jpg 146w, https:\/\/blog.ksk.ch\/wp-content\/uploads\/2023\/11\/Anna-768x1580.jpg 768w, https:\/\/blog.ksk.ch\/wp-content\/uploads\/2023\/11\/Anna-747x1536.jpg 747w, https:\/\/blog.ksk.ch\/wp-content\/uploads\/2023\/11\/Anna.jpg 980w\" sizes=\"(max-width: 498px) 100vw, 498px\" \/>\t\t\t\t\t\t\t\t\t\t\t\t\t\t\t<\/div>\n\t\t\t\t<\/div>\n\t\t\t\t\t<\/div>\n\t\t<\/div>\n\t\t\t\t<div class=\"elementor-column elementor-col-50 elementor-top-column elementor-element elementor-element-5f4de8c\" data-id=\"5f4de8c\" data-element_type=\"column\" data-e-type=\"column\">\n\t\t\t<div class=\"elementor-widget-wrap elementor-element-populated\">\n\t\t\t\t\t\t<div class=\"elementor-element elementor-element-9f00838 elementor-widget elementor-widget-text-editor\" data-id=\"9f00838\" data-element_type=\"widget\" data-e-type=\"widget\" data-widget_type=\"text-editor.default\">\n\t\t\t\t<div class=\"elementor-widget-container\">\n\t\t\t\t\t\t\t\t\t<h3><strong>Thurgauer K\u00e4sepl\u00e4ttchen<\/strong><\/h3><p><strong>Zutaten:<\/strong><\/p><ul><li>Thurgauer Wellenk\u00e4se<\/li><li>Ittinger Klosterk\u00e4se<\/li><li>Ittinger Brie<\/li><li>Rebch\u00e4sli<\/li><li>Burgherrenk\u00e4se<\/li><li>Hofk\u00e4se<\/li><\/ul><p><strong>Zutaten: <\/strong><\/p><p>K\u00e4se auf einer Platte sch\u00f6n anrichten. Baumn\u00fcsse, Trauben, ged\u00f6rrte Birnen und frische Apfelschnitze dazulegen.<\/p>\t\t\t\t\t\t\t\t<\/div>\n\t\t\t\t<\/div>\n\t\t\t\t\t<\/div>\n\t\t<\/div>\n\t\t\t\t\t<\/div>\n\t\t<\/section>\n\t\t\t\t<\/div>\n\t\t","protected":false},"excerpt":{"rendered":"<p>Empfohlene Rezepte zur Weihnachtszeit W\u00dcRZIGE AP\u00c9RO-ERBSLI Zutaten: 400\u00a0g tiefgek\u00fchlte Erbsli, aufgetaut, abgetropft 1\u00a0EL Oliven\u00f6l \u00bd\u00a0TL Knoblauchpulver \u00bc\u00a0TL Chiliflocken \u00bc\u00a0TL Salz Zubereitung: Erbsli: Erbsli trockentupfen, mit&hellip;<\/p>\n<p> <a class=\"more-link\" href=\"https:\/\/blog.ksk.ch\/index.php\/17-dezember-2023\/\">Read more<\/a><\/p>\n","protected":false},"author":8,"featured_media":0,"parent":0,"menu_order":0,"comment_status":"closed","ping_status":"closed","template":"","meta":{"footnotes":""},"class_list":["post-3147","page","type-page","status-publish"],"publishpress_future_action":{"enabled":false,"date":"2026-05-07 03:06:19","action":"change-status","newStatus":"draft","terms":[],"taxonomy":"","extraData":[]},"publishpress_future_workflow_manual_trigger":{"enabledWorkflows":[]},"_links":{"self":[{"href":"https:\/\/blog.ksk.ch\/index.php\/wp-json\/wp\/v2\/pages\/3147","targetHints":{"allow":["GET"]}}],"collection":[{"href":"https:\/\/blog.ksk.ch\/index.php\/wp-json\/wp\/v2\/pages"}],"about":[{"href":"https:\/\/blog.ksk.ch\/index.php\/wp-json\/wp\/v2\/types\/page"}],"author":[{"embeddable":true,"href":"https:\/\/blog.ksk.ch\/index.php\/wp-json\/wp\/v2\/users\/8"}],"replies":[{"embeddable":true,"href":"https:\/\/blog.ksk.ch\/index.php\/wp-json\/wp\/v2\/comments?post=3147"}],"version-history":[{"count":17,"href":"https:\/\/blog.ksk.ch\/index.php\/wp-json\/wp\/v2\/pages\/3147\/revisions"}],"predecessor-version":[{"id":3349,"href":"https:\/\/blog.ksk.ch\/index.php\/wp-json\/wp\/v2\/pages\/3147\/revisions\/3349"}],"wp:attachment":[{"href":"https:\/\/blog.ksk.ch\/index.php\/wp-json\/wp\/v2\/media?parent=3147"}],"curies":[{"name":"wp","href":"https:\/\/api.w.org\/{rel}","templated":true}]}}